{"id":18865,"date":"2021-07-28T20:23:10","date_gmt":"2021-07-28T20:23:10","guid":{"rendered":"https:\/\/www.visitsoglianoalrubicone.it\/le-chemin-de-lambre\/"},"modified":"2026-03-20T08:07:05","modified_gmt":"2026-03-20T08:07:05","slug":"le-chemin-de-lambre","status":"publish","type":"page","link":"https:\/\/www.visitsoglianoalrubicone.it\/fr\/decouvrez-sogliano\/itineraires-trekking-biking\/les-chemins-du-haut-rubicon\/le-chemin-de-lambre\/","title":{"rendered":"Le chemin de l&rsquo;ambre"},"content":{"rendered":"<p>[vc_row full_width=\u00a0\u00bbstretch_row_content_no_spaces\u00a0\u00bb][vc_column][vc_single_image image=\u00a0\u00bb18868&Prime; img_size=\u00a0\u00bb1920 x 450&Prime; alignment=\u00a0\u00bbcenter\u00a0\u00bb el_class=\u00a0\u00bbinfotronik_banner_pagina\u00a0\u00bb]\n\t\t\t<section class=\"do-normal-page-title-section\">\n\t\t\t\t<div class=\"container\">\n\t\t\t\t\t<div class=\"row uppercase\">\n\t\t\t\n\t\t\t\t\t\t<div class=\"do-page-title-wrapper\">\n\t\t\t\t\t\t\t<div class=\"do-default-page-title col-md-7 col-sm-7 col-xs-12\">\n\t\t\t\t\t\t\t\t<h2 info=22 class=\"infotronik_page_title_big\">Il Sentiero dell'Ambra<\/h2>\n\t\t\t\t\t\t\t\t<p><\/p>\n\t\t\t\t\t\t\t<\/div>\n\t\t\t\n\t\t\t\t\t\t\t<div class=\"do-breadcumb\"><ul><li><a class=\"infotronik_breadcrumb_cut\" href=\"https:\/\/www.visitsoglianoalrubicone.it\/fr\/decouvrez-sogliano\/itineraires-trekking-biking\/\">Itin\u00e9raires &#8211; Trekking &amp; Biking<\/a><\/li><li><a class=\"infotronik_breadcrumb_cut\" href=\"https:\/\/www.visitsoglianoalrubicone.it\/fr\/decouvrez-sogliano\/itineraires-trekking-biking\/les-chemins-du-haut-rubicon\/\">Les chemins du Haut Rubicon<\/a><\/li><\/ul><\/div>\n\t\t\t\t\t\t<\/div>\n\t\t\t\n\t\t\t\t\t<\/div>\n\t\t\t\t<\/div>\n\t\t\t<\/section>\n\t\t[vc_empty_space height=\u00a0\u00bb20px\u00a0\u00bb][vc_row_inner][vc_column_inner width=\u00a0\u00bb1\/2&Prime;][vc_empty_space height=\u00a0\u00bb20px\u00a0\u00bb][vc_text_separator title=\u00a0\u00bbInformations\u00a0\u00bb title_align=\u00a0\u00bbseparator_align_left\u00a0\u00bb align=\u00a0\u00bbalign_left\u00a0\u00bb color=\u00a0\u00bbcustom\u00a0\u00bb accent_color=\u00a0\u00bb#fc7f0c\u00a0\u00bb][vc_empty_space height=\u00a0\u00bb20px\u00a0\u00bb]\n\t\t<div class=\"do-icon-with-text-style1 appear fadeIn\" data-wow-duration=\"1s\" data-wow-delay=\"0.3s\">\n\t\t    <div class=\"do-icon-wrapper\">\n\t\t        <i class=\"fa fa-check-square\"><\/i>\n\t\t    <\/div>\n\t\t    <p><span style=\"color: #008000;\"><strong>SENTIERO INTERROTTO\u00a0 al 123C per ripristino area\u00a0<\/strong><\/span><\/p>\n\n\t\t<\/div>\n\t\n\t\t<div class=\"do-icon-with-text-style1 appear fadeIn\" data-wow-duration=\"1s\" data-wow-delay=\"0.3s\">\n\t\t    <div class=\"do-icon-wrapper\">\n\t\t        <i class=\"fa fa-check-square\"><\/i>\n\t\t    <\/div>\n\t\t    <p>Itinerario didattico dedicato a natura e luoghi.<\/p>\n\n\t\t<\/div>\n\t\n\t\t<div class=\"do-icon-with-text-style1 appear fadeIn\" data-wow-duration=\"1s\" data-wow-delay=\"0.3s\">\n\t\t    <div class=\"do-icon-wrapper\">\n\t\t        <i class=\"ti-flag\"><\/i>\n\t\t    <\/div>\n\t\t    <p>Rontagnano, parcheggio Cimitero.<\/p>\n\n\t\t<\/div>\n\t\n\t\t<div class=\"do-icon-with-text-style1 appear fadeIn\" data-wow-duration=\"1s\" data-wow-delay=\"0.3s\">\n\t\t    <div class=\"do-icon-wrapper\">\n\t\t        <i class=\"fa fa-sign-out\"><\/i>\n\t\t    <\/div>\n\t\t    <p>TREKKING<\/p>\n\n\t\t<\/div>\n\t\n\t\t<div class=\"do-icon-with-text-style1 appear fadeIn\" data-wow-duration=\"1s\" data-wow-delay=\"0.3s\">\n\t\t    <div class=\"do-icon-wrapper\">\n\t\t        <i class=\"fa fa-history\"><\/i>\n\t\t    <\/div>\n\t\t    <p>Tempo percorrenza indicativo (a piedi): 2h 30m<\/p>\n\n\t\t<\/div>\n\t\n\t\t<div class=\"do-icon-with-text-style1 appear fadeIn\" data-wow-duration=\"1s\" data-wow-delay=\"0.3s\">\n\t\t    <div class=\"do-icon-wrapper\">\n\t\t        <i class=\"fa fa-road\"><\/i>\n\t\t    <\/div>\n\t\t    <p>Distanza: 6,8 km<\/p>\n\n\t\t<\/div>\n\t\n\t\t<div class=\"do-icon-with-text-style1 appear fadeIn\" data-wow-duration=\"1s\" data-wow-delay=\"0.3s\">\n\t\t    <div class=\"do-icon-wrapper\">\n\t\t        <i class=\"fa fa-arrows-v\"><\/i>\n\t\t    <\/div>\n\t\t    <p>Dislivello: 358 m<\/p>\n\n\t\t<\/div>\n\t\n\t\t<div class=\"do-icon-with-text-style1 appear fadeIn\" data-wow-duration=\"1s\" data-wow-delay=\"0.3s\">\n\t\t    <div class=\"do-icon-wrapper\">\n\t\t        <i class=\"fa fa-paper-plane\"><\/i>\n\t\t    <\/div>\n\t\t    <p>Contatti: <a href=\"tel:+390541817340\">+39 0541817340<\/a><\/p>\n\n\t\t<\/div>\n\t\n\t\t<div class=\"do-icon-with-text-style1 appear fadeIn\" data-wow-duration=\"1s\" data-wow-delay=\"0.3s\">\n\t\t    <div class=\"do-icon-wrapper\">\n\t\t        <i class=\"fa fa-globe\"><\/i>\n\t\t    <\/div>\n\t\t    <p><a href=\"https:\/\/www.visitsoglianoalrubicone.it\/wp-content\/uploads\/2024\/08\/Visit-Sogliano-al-Rubicone-Itinerari-e-Trekking-I-Sentieri-dellAlto-Rubicone-Il-Sentiero-dell-ambra-2024-anello-12-1.gpx\" target=\"_blank\" rel=\"noopener\">Scarica traccia GPX<\/a><\/p>\n\n\t\t<\/div>\n\t[\/vc_column_inner][vc_column_inner width=\u00a0\u00bb1\/2&Prime;][vc_single_image image=\u00a0\u00bb10222&Prime; img_size=\u00a0\u00bbfull\u00a0\u00bb alignment=\u00a0\u00bbcenter\u00a0\u00bb onclick=\u00a0\u00bblink_image\u00a0\u00bb][vc_empty_space height=\u00a0\u00bb20px\u00a0\u00bb][vc_single_image image=\u00a0\u00bb10326&Prime; img_size=\u00a0\u00bbfull\u00a0\u00bb alignment=\u00a0\u00bbcenter\u00a0\u00bb onclick=\u00a0\u00bblink_image\u00a0\u00bb][\/vc_column_inner][\/vc_row_inner][vc_row_inner][vc_column_inner][vc_empty_space height=\u00a0\u00bb20px\u00a0\u00bb][vc_text_separator title=\u00a0\u00bbItin\u00e9raire :\u00a0\u00bb title_align=\u00a0\u00bbseparator_align_left\u00a0\u00bb align=\u00a0\u00bbalign_left\u00a0\u00bb color=\u00a0\u00bbcustom\u00a0\u00bb el_width=\u00a0\u00bb50&Prime; accent_color=\u00a0\u00bb#fc7f0c\u00a0\u00bb][vc_empty_space height=\u00a0\u00bb20px\u00a0\u00bb][vc_column_text]Le Sentier d\u2019Ambre longe tout le p\u00e9rim\u00e8tre <strong>de l\u2019oasis naturelle de Rontagnano<\/strong>, mesure<strong> 6,8 km <\/strong>de long et pr\u00e9sente un d\u00e9nivel\u00e9 <strong>de 358 m\u00e8tres.<\/strong> La r\u00e9gion est riche en gen\u00eatis, aub\u00e9pines, ch\u00eanes et ch\u00e2taigniers. Dans les bois, vous rencontrerez des h\u00e9rissons, des porcs-\u00e9pics et des blairaux.<br \/>\nLe parcours est enrichi par des panels \u00e9ducatifs avec des curiosit\u00e9s sur la nature et les lieux ; en particulier sur le plus grand ambre du monde, d\u00e9couvert juste le long du sentier, un hommage au savant Antonio Veggiani.<\/p>\n<p>[\/vc_column_text][vc_empty_space height=\u00a0\u00bb50px\u00a0\u00bb][\/vc_column_inner][\/vc_row_inner][vc_row_inner][vc_column_inner width=\u00a0\u00bb1\/2&Prime;][vc_video link=\u00a0\u00bbhttps:\/\/www.youtube.com\/watch?v=1EOitHbUKys\u00a0\u00bb align=\u00a0\u00bbcenter\u00a0\u00bb][\/vc_column_inner][vc_column_inner width=\u00a0\u00bb1\/2&Prime;][vc_column_text]Nous partons de Rontagnano (parking du cimeti\u00e8re) en direction du sentier 123, en arrivant bient\u00f4t \u00e0 une coupure qui nous permet \u00e9ventuellement de raccourcir la promenade (sentier 123d). Le sentier principal 123 m\u00e8ne \u00e0 Campaolo, localit\u00e9 connue pour la d\u00e9couverte par un agriculteur de l&rsquo;un des plus grands ambres d&rsquo;Europe. Ce pr\u00e9cieux ovo\u00efde d&rsquo;ambre de 625 g est conserv\u00e9 avec de nombreuses autres pi\u00e8ces arch\u00e9ologiques et min\u00e9ralogiques dans la \u00ab\u00a0Collection Veggiani\u00a0\u00bb. Le sentier s&rsquo;oriente vers le sud-ouest, toujours autour de l&rsquo;oasis naturelle, et une d\u00e9viation permet notamment d&rsquo;admirer des sp\u00e9cimens de <strong>tritons (Triturus carnifex<\/strong>) dans un bassin en pierre naturelle : il s&rsquo;agit d&rsquo;amphibiens semblables \u00e0 des salamandres qui vivent dans des eaux calmes caract\u00e9ris\u00e9es par l&rsquo;absence de poissons et de pollution.    <\/p>\n<p>En suivant le dernier tron\u00e7on du sentier, vous atteindrez le village de Rontagnano, situ\u00e9 au sommet d&rsquo;une colline entre les vall\u00e9es de l&rsquo;Uso et de la Savio. Il y avait autrefois un ch\u00e2teau des Malatesta (XIIe si\u00e8cle) dont il reste quelques ruines. Le donjon de la forteresse a \u00e9t\u00e9 transform\u00e9 en clocher au XVIIIe si\u00e8cle. L&rsquo;\u00e9glise de San Biagio, situ\u00e9e \u00e0 proximit\u00e9, conserve un mobilier int\u00e9ressant, notamment un agenouilloir en bois du XVe si\u00e8cle et un orgue du XVIIIe si\u00e8cle. L&rsquo;ensemble de l&rsquo;itin\u00e9raire peut \u00eatre parcouru \u00e0 pied en environ 2 h 30.[\/vc_column_text][\/vc_column_inner][\/vc_row_inner][vc_row_inner][vc_column_inner][vc_empty_space height=\u00a0\u00bb50px\u00a0\u00bb][vc_text_separator title=\u00a0\u00bbGalerie de photos\u00a0\u00bb title_align=\u00a0\u00bbseparator_align_left\u00a0\u00bb align=\u00a0\u00bbalign_left\u00a0\u00bb color=\u00a0\u00bbcustom\u00a0\u00bb el_width=\u00a0\u00bb50&Prime; accent_color=\u00a0\u00bb#fc7f0c\u00a0\u00bb][vc_empty_space height=\u00a0\u00bb50px\u00a0\u00bb][vc_column_text]<style>#jtg-5066 .modula-item .jtg-social a, .lightbox-socials.jtg-social a{ color: #ffffff }#jtg-5066 .modula-item .jtg-social svg, .lightbox-socials.jtg-social svg { height: 16px; width: 16px }#jtg-5066 .modula-item .jtg-social a:not(:last-child), .lightbox-socials.jtg-social a:not(:last-child) { margin-right: 10px }#jtg-5066 .modula-item .figc {color:#ffffff;}#jtg-5066 .modula-item .modula-item-content { transform: scale(1) }#jtg-5066 { width:100%;}#jtg-5066 .modula-items .figc p.description { font-size:14px; }#jtg-5066 .modula-items .figc p.description { color:#ffffff;}#jtg-5066.modula-gallery .modula-item > a, #jtg-5066.modula-gallery .modula-item, #jtg-5066.modula-gallery .modula-item-content > a { cursor:zoom-in; } @media screen and (max-width:480px){#jtg-5066 .modula-item .figc .jtg-title {  font-size: 12px; }#jtg-5066 .modula-items .figc p.description { color:#ffffff;font-size:10px; }}<\/style>\n<!-- Gallery Container -->\n<div  id=\"jtg-5066\" class=\"modula modula-gallery modula-columns\" data-config=\"{&quot;enableTwitter&quot;:false,&quot;enableWhatsapp&quot;:false,&quot;enableFacebook&quot;:false,&quot;enablePinterest&quot;:false,&quot;enableLinkedin&quot;:false,&quot;enableEmail&quot;:false,&quot;randomFactor&quot;:0.5,&quot;type&quot;:&quot;grid&quot;,&quot;columns&quot;:12,&quot;gutter&quot;:10,&quot;mobileGutter&quot;:10,&quot;tabletGutter&quot;:10,&quot;desktopGutter&quot;:10,&quot;enableResponsive&quot;:&quot;0&quot;,&quot;tabletColumns&quot;:&quot;2&quot;,&quot;mobileColumns&quot;:&quot;1&quot;,&quot;lazyLoad&quot;:&quot;0&quot;,&quot;lightboxOpts&quot;:{&quot;loop&quot;:false,&quot;arrows&quot;:true,&quot;toolbar&quot;:true,&quot;keyboard&quot;:false,&quot;wheel&quot;:false,&quot;buttons&quot;:[&quot;close&quot;],&quot;hash&quot;:false,&quot;lang&quot;:&quot;en&quot;,&quot;touch&quot;:false,&quot;protect&quot;:false,&quot;i18n&quot;:{&quot;en&quot;:{&quot;CLOSE&quot;:&quot;Close&quot;,&quot;NEXT&quot;:&quot;Next&quot;,&quot;PREV&quot;:&quot;Previous&quot;,&quot;Error&quot;:&quot;The requested content cannot be loaded. Please try again later.&quot;,&quot;PLAY_START&quot;:&quot;Start slideshow&quot;,&quot;PLAY_STOP&quot;:&quot;Pause slideshow&quot;,&quot;FULL_SCREEN&quot;:&quot;Full screen&quot;,&quot;THUMBS&quot;:&quot;Thumbnails&quot;,&quot;DOWNLOAD&quot;:&quot;Download&quot;,&quot;SHARE&quot;:&quot;Share&quot;,&quot;ZOOM&quot;:&quot;Zoom&quot;}},&quot;clickSlide&quot;:false,&quot;clickOutside&quot;:false,&quot;dblclickContent&quot;:false,&quot;dblclickSlide&quot;:false,&quot;dblclickOutside&quot;:false,&quot;clickContent&quot;:false,&quot;baseTpl&quot;:&quot;&lt;div class=\\&quot;modula-fancybox-container modula-lightbox-jtg-5066\\&quot; role=\\&quot;dialog\\&quot; tabindex=\\&quot;-1\\&quot;&gt;&lt;div class=\\&quot;modula-fancybox-bg\\&quot;&gt;&lt;\\\/div&gt;&lt;div class=\\&quot;modula-fancybox-inner\\&quot;&gt;&lt;div class=\\&quot;modula-fancybox-infobar\\&quot;&gt;&lt;span data-fancybox-index&gt;&lt;\\\/span&gt;&nbsp;\\\/&nbsp;&lt;span data-fancybox-count&gt;&lt;\\\/span&gt;&lt;\\\/div&gt;&lt;div class=\\&quot;modula-fancybox-toolbar\\&quot;&gt;{{buttons}}&lt;\\\/div&gt;&lt;div class=\\&quot;modula-fancybox-navigation\\&quot;&gt;{{arrows}}&lt;\\\/div&gt;&lt;div class=\\&quot;modula-fancybox-stage\\&quot;&gt;&lt;\\\/div&gt;&lt;div class=\\&quot;modula-fancybox-caption\\&quot;&gt;&lt;div class=\\&quot;modula-fancybox-caption__body\\&quot;&gt;&lt;\\\/div&gt;&lt;\\\/div&gt;&lt;\\\/div&gt;&lt;\\\/div&gt;&quot;},&quot;inView&quot;:false,&quot;email_subject&quot;:&quot;Check out this awesome image !!&quot;,&quot;email_message&quot;:&quot;Here is the link to the image : %%image_link%% and this is the link to the gallery : %%gallery_link%%&quot;,&quot;grid_type&quot;:&quot;automatic&quot;,&quot;rowHeight&quot;:150,&quot;lastRow&quot;:&quot;justify&quot;,&quot;lightbox&quot;:&quot;fancybox&quot;}\">\n\n\t\n\t<!-- Items Container -->\n\t<div  class=\"modula-items grid-gallery\">\n\t\t<div class=\"modula-item effect-pufrobo\" >\n\t<div class=\"modula-item-overlay\"><\/div>\n\n\t<div class=\"modula-item-content\">\n\n\t\t\t\t\n\t\t\t\t\t<a data-image-id=\"10435\" href=\"https:\/\/www.visitsoglianoalrubicone.it\/wp-content\/uploads\/2024\/09\/Visit-Sogliano-Scopri-Sogliano-Itinerari-Trekking-Bike-I-Sentieri-Alto-Rubicone-il-sentiero-del-ambra-2.jpeg\" rel=\"jtg-5066\" data-caption=\"\" class=\"tile-inner modula-item-link\"><\/a>\n\t\t\n\t\t<img class=\"pic\"  data-valign=\"middle\" data-halign=\"center\" alt=\"\" data-full=\"https:\/\/www.visitsoglianoalrubicone.it\/wp-content\/uploads\/2024\/09\/Visit-Sogliano-Scopri-Sogliano-Itinerari-Trekking-Bike-I-Sentieri-Alto-Rubicone-il-sentiero-del-ambra-2.jpeg\" title=\"Visit-Sogliano-Scopri-Sogliano-Itinerari-Trekking-Bike-I-Sentieri-Alto-Rubicone-il-sentiero-del-ambra (2)\" width=\"1024\" height=\"768\" src=\"https:\/\/www.visitsoglianoalrubicone.it\/wp-content\/uploads\/2024\/09\/Visit-Sogliano-Scopri-Sogliano-Itinerari-Trekking-Bike-I-Sentieri-Alto-Rubicone-il-sentiero-del-ambra-2-1024x768.jpeg\" data-src=\"https:\/\/www.visitsoglianoalrubicone.it\/wp-content\/uploads\/2024\/09\/Visit-Sogliano-Scopri-Sogliano-Itinerari-Trekking-Bike-I-Sentieri-Alto-Rubicone-il-sentiero-del-ambra-2-1024x768.jpeg\" data-caption=\"\"srcset=\"https:\/\/www.visitsoglianoalrubicone.it\/wp-content\/uploads\/2024\/09\/Visit-Sogliano-Scopri-Sogliano-Itinerari-Trekking-Bike-I-Sentieri-Alto-Rubicone-il-sentiero-del-ambra-2-1024x768.jpeg 1024w, https:\/\/www.visitsoglianoalrubicone.it\/wp-content\/uploads\/2024\/09\/Visit-Sogliano-Scopri-Sogliano-Itinerari-Trekking-Bike-I-Sentieri-Alto-Rubicone-il-sentiero-del-ambra-2-300x225.jpeg 300w, https:\/\/www.visitsoglianoalrubicone.it\/wp-content\/uploads\/2024\/09\/Visit-Sogliano-Scopri-Sogliano-Itinerari-Trekking-Bike-I-Sentieri-Alto-Rubicone-il-sentiero-del-ambra-2-768x576.jpeg 768w, https:\/\/www.visitsoglianoalrubicone.it\/wp-content\/uploads\/2024\/09\/Visit-Sogliano-Scopri-Sogliano-Itinerari-Trekking-Bike-I-Sentieri-Alto-Rubicone-il-sentiero-del-ambra-2-1536x1152.jpeg 1536w, https:\/\/www.visitsoglianoalrubicone.it\/wp-content\/uploads\/2024\/09\/Visit-Sogliano-Scopri-Sogliano-Itinerari-Trekking-Bike-I-Sentieri-Alto-Rubicone-il-sentiero-del-ambra-2.jpeg 2048w\" sizes=\"(max-width: 1024px) 100vw, 1024px\"\" \/>\n\t\t<div class=\"figc no-description\">\n\t\t\t<div class=\"figc-inner\">\n\t\t\t\t\t\t\t\t\t\t\t\t\t\t\t<\/div>\n\t\t<\/div>\n\n\t<\/div>\n\n<\/div><div class=\"modula-item effect-pufrobo\" >\n\t<div class=\"modula-item-overlay\"><\/div>\n\n\t<div class=\"modula-item-content\">\n\n\t\t\t\t\n\t\t\t\t\t<a data-image-id=\"6809\" href=\"https:\/\/www.visitsoglianoalrubicone.it\/wp-content\/uploads\/2021\/10\/Visit-Sogliano-al-Rubicone-Itinerari-e-Trekking-I-Sentieri-dellAlto-Rubicone-Ambra-1.jpg\" rel=\"jtg-5066\" data-caption=\"\" class=\"tile-inner modula-item-link\"><\/a>\n\t\t\n\t\t<img class=\"pic\"  data-valign=\"middle\" data-halign=\"center\" alt=\"\" data-full=\"https:\/\/www.visitsoglianoalrubicone.it\/wp-content\/uploads\/2021\/10\/Visit-Sogliano-al-Rubicone-Itinerari-e-Trekking-I-Sentieri-dellAlto-Rubicone-Ambra-1.jpg\" title=\"Visit Sogliano al Rubicone - Itinerari e Trekking - I Sentieri dell&amp;#039;Alto Rubicone - Ambra (1)\" width=\"1024\" height=\"683\" src=\"https:\/\/www.visitsoglianoalrubicone.it\/wp-content\/uploads\/2021\/10\/Visit-Sogliano-al-Rubicone-Itinerari-e-Trekking-I-Sentieri-dellAlto-Rubicone-Ambra-1-1024x683.jpg\" data-src=\"https:\/\/www.visitsoglianoalrubicone.it\/wp-content\/uploads\/2021\/10\/Visit-Sogliano-al-Rubicone-Itinerari-e-Trekking-I-Sentieri-dellAlto-Rubicone-Ambra-1-1024x683.jpg\" data-caption=\"\"srcset=\"https:\/\/www.visitsoglianoalrubicone.it\/wp-content\/uploads\/2021\/10\/Visit-Sogliano-al-Rubicone-Itinerari-e-Trekking-I-Sentieri-dellAlto-Rubicone-Ambra-1-1024x683.jpg 1024w, https:\/\/www.visitsoglianoalrubicone.it\/wp-content\/uploads\/2021\/10\/Visit-Sogliano-al-Rubicone-Itinerari-e-Trekking-I-Sentieri-dellAlto-Rubicone-Ambra-1-300x200.jpg 300w, https:\/\/www.visitsoglianoalrubicone.it\/wp-content\/uploads\/2021\/10\/Visit-Sogliano-al-Rubicone-Itinerari-e-Trekking-I-Sentieri-dellAlto-Rubicone-Ambra-1-768x512.jpg 768w, https:\/\/www.visitsoglianoalrubicone.it\/wp-content\/uploads\/2021\/10\/Visit-Sogliano-al-Rubicone-Itinerari-e-Trekking-I-Sentieri-dellAlto-Rubicone-Ambra-1.jpg 1200w\" sizes=\"(max-width: 1024px) 100vw, 1024px\"\" \/>\n\t\t<div class=\"figc no-description\">\n\t\t\t<div class=\"figc-inner\">\n\t\t\t\t\t\t\t\t\t\t\t\t\t\t\t<\/div>\n\t\t<\/div>\n\n\t<\/div>\n\n<\/div><div class=\"modula-item effect-pufrobo\" >\n\t<div class=\"modula-item-overlay\"><\/div>\n\n\t<div class=\"modula-item-content\">\n\n\t\t\t\t\n\t\t\t\t\t<a data-image-id=\"10433\" href=\"https:\/\/www.visitsoglianoalrubicone.it\/wp-content\/uploads\/2024\/09\/Visit-Sogliano-Scopri-Sogliano-Itinerari-Trekking-Bike-I-Sentieri-Alto-Rubicone-il-sentiero-del-ambra1-3.jpeg\" rel=\"jtg-5066\" data-caption=\"\" class=\"tile-inner modula-item-link\"><\/a>\n\t\t\n\t\t<img class=\"pic\"  data-valign=\"middle\" data-halign=\"center\" alt=\"\" data-full=\"https:\/\/www.visitsoglianoalrubicone.it\/wp-content\/uploads\/2024\/09\/Visit-Sogliano-Scopri-Sogliano-Itinerari-Trekking-Bike-I-Sentieri-Alto-Rubicone-il-sentiero-del-ambra1-3.jpeg\" title=\"Visit-Sogliano-Scopri-Sogliano-Itinerari-Trekking-Bike-I-Sentieri-Alto-Rubicone-il-sentiero-del-ambra1 (3)\" width=\"1024\" height=\"680\" src=\"https:\/\/www.visitsoglianoalrubicone.it\/wp-content\/uploads\/2024\/09\/Visit-Sogliano-Scopri-Sogliano-Itinerari-Trekking-Bike-I-Sentieri-Alto-Rubicone-il-sentiero-del-ambra1-3-1024x680.jpeg\" data-src=\"https:\/\/www.visitsoglianoalrubicone.it\/wp-content\/uploads\/2024\/09\/Visit-Sogliano-Scopri-Sogliano-Itinerari-Trekking-Bike-I-Sentieri-Alto-Rubicone-il-sentiero-del-ambra1-3-1024x680.jpeg\" data-caption=\"\"srcset=\"https:\/\/www.visitsoglianoalrubicone.it\/wp-content\/uploads\/2024\/09\/Visit-Sogliano-Scopri-Sogliano-Itinerari-Trekking-Bike-I-Sentieri-Alto-Rubicone-il-sentiero-del-ambra1-3-1024x680.jpeg 1024w, https:\/\/www.visitsoglianoalrubicone.it\/wp-content\/uploads\/2024\/09\/Visit-Sogliano-Scopri-Sogliano-Itinerari-Trekking-Bike-I-Sentieri-Alto-Rubicone-il-sentiero-del-ambra1-3-300x199.jpeg 300w, https:\/\/www.visitsoglianoalrubicone.it\/wp-content\/uploads\/2024\/09\/Visit-Sogliano-Scopri-Sogliano-Itinerari-Trekking-Bike-I-Sentieri-Alto-Rubicone-il-sentiero-del-ambra1-3-768x510.jpeg 768w, https:\/\/www.visitsoglianoalrubicone.it\/wp-content\/uploads\/2024\/09\/Visit-Sogliano-Scopri-Sogliano-Itinerari-Trekking-Bike-I-Sentieri-Alto-Rubicone-il-sentiero-del-ambra1-3-1536x1020.jpeg 1536w, https:\/\/www.visitsoglianoalrubicone.it\/wp-content\/uploads\/2024\/09\/Visit-Sogliano-Scopri-Sogliano-Itinerari-Trekking-Bike-I-Sentieri-Alto-Rubicone-il-sentiero-del-ambra1-3.jpeg 1890w\" sizes=\"(max-width: 1024px) 100vw, 1024px\"\" \/>\n\t\t<div class=\"figc no-description\">\n\t\t\t<div class=\"figc-inner\">\n\t\t\t\t\t\t\t\t\t\t\t\t\t\t\t<\/div>\n\t\t<\/div>\n\n\t<\/div>\n\n<\/div><div class=\"modula-item effect-pufrobo\" >\n\t<div class=\"modula-item-overlay\"><\/div>\n\n\t<div class=\"modula-item-content\">\n\n\t\t\t\t\n\t\t\t\t\t<a data-image-id=\"6812\" href=\"https:\/\/www.visitsoglianoalrubicone.it\/wp-content\/uploads\/2021\/10\/Visit-Sogliano-al-Rubicone-Itinerari-e-Trekking-I-Sentieri-dellAlto-Rubicone-Ambra-4-scaled.jpg\" rel=\"jtg-5066\" data-caption=\"\" class=\"tile-inner modula-item-link\"><\/a>\n\t\t\n\t\t<img class=\"pic\"  data-valign=\"middle\" data-halign=\"center\" alt=\"\" data-full=\"https:\/\/www.visitsoglianoalrubicone.it\/wp-content\/uploads\/2021\/10\/Visit-Sogliano-al-Rubicone-Itinerari-e-Trekking-I-Sentieri-dellAlto-Rubicone-Ambra-4.jpg\" title=\"Visit Sogliano al Rubicone - Itinerari e Trekking - I Sentieri dell&amp;#039;Alto Rubicone - Ambra (4)\" width=\"1024\" height=\"680\" src=\"https:\/\/www.visitsoglianoalrubicone.it\/wp-content\/uploads\/2021\/10\/Visit-Sogliano-al-Rubicone-Itinerari-e-Trekking-I-Sentieri-dellAlto-Rubicone-Ambra-4-1024x680.jpg\" data-src=\"https:\/\/www.visitsoglianoalrubicone.it\/wp-content\/uploads\/2021\/10\/Visit-Sogliano-al-Rubicone-Itinerari-e-Trekking-I-Sentieri-dellAlto-Rubicone-Ambra-4-1024x680.jpg\" data-caption=\"\"srcset=\"https:\/\/www.visitsoglianoalrubicone.it\/wp-content\/uploads\/2021\/10\/Visit-Sogliano-al-Rubicone-Itinerari-e-Trekking-I-Sentieri-dellAlto-Rubicone-Ambra-4-scaled-1024x680.jpg 1024w, https:\/\/www.visitsoglianoalrubicone.it\/wp-content\/uploads\/2021\/10\/Visit-Sogliano-al-Rubicone-Itinerari-e-Trekking-I-Sentieri-dellAlto-Rubicone-Ambra-4-300x199.jpg 300w, https:\/\/www.visitsoglianoalrubicone.it\/wp-content\/uploads\/2021\/10\/Visit-Sogliano-al-Rubicone-Itinerari-e-Trekking-I-Sentieri-dellAlto-Rubicone-Ambra-4-768x510.jpg 768w, https:\/\/www.visitsoglianoalrubicone.it\/wp-content\/uploads\/2021\/10\/Visit-Sogliano-al-Rubicone-Itinerari-e-Trekking-I-Sentieri-dellAlto-Rubicone-Ambra-4-1536x1020.jpg 1536w, https:\/\/www.visitsoglianoalrubicone.it\/wp-content\/uploads\/2021\/10\/Visit-Sogliano-al-Rubicone-Itinerari-e-Trekking-I-Sentieri-dellAlto-Rubicone-Ambra-4-2048x1360.jpg 2048w\" sizes=\"(max-width: 1024px) 100vw, 1024px\"\" \/>\n\t\t<div class=\"figc no-description\">\n\t\t\t<div class=\"figc-inner\">\n\t\t\t\t\t\t\t\t\t\t\t\t\t\t\t<\/div>\n\t\t<\/div>\n\n\t<\/div>\n\n<\/div><div class=\"modula-item effect-pufrobo\" >\n\t<div class=\"modula-item-overlay\"><\/div>\n\n\t<div class=\"modula-item-content\">\n\n\t\t\t\t\n\t\t\t\t\t<a data-image-id=\"6810\" href=\"https:\/\/www.visitsoglianoalrubicone.it\/wp-content\/uploads\/2021\/10\/Visit-Sogliano-al-Rubicone-Itinerari-e-Trekking-I-Sentieri-dellAlto-Rubicone-Ambra-2.jpg\" rel=\"jtg-5066\" data-caption=\"\" class=\"tile-inner modula-item-link\"><\/a>\n\t\t\n\t\t<img class=\"pic\"  data-valign=\"middle\" data-halign=\"center\" alt=\"\" data-full=\"https:\/\/www.visitsoglianoalrubicone.it\/wp-content\/uploads\/2021\/10\/Visit-Sogliano-al-Rubicone-Itinerari-e-Trekking-I-Sentieri-dellAlto-Rubicone-Ambra-2.jpg\" title=\"Visit Sogliano al Rubicone - Itinerari e Trekking - I Sentieri dell&amp;#039;Alto Rubicone - Ambra (2)\" width=\"1024\" height=\"768\" src=\"https:\/\/www.visitsoglianoalrubicone.it\/wp-content\/uploads\/2021\/10\/Visit-Sogliano-al-Rubicone-Itinerari-e-Trekking-I-Sentieri-dellAlto-Rubicone-Ambra-2-1024x768.jpg\" data-src=\"https:\/\/www.visitsoglianoalrubicone.it\/wp-content\/uploads\/2021\/10\/Visit-Sogliano-al-Rubicone-Itinerari-e-Trekking-I-Sentieri-dellAlto-Rubicone-Ambra-2-1024x768.jpg\" data-caption=\"\"srcset=\"https:\/\/www.visitsoglianoalrubicone.it\/wp-content\/uploads\/2021\/10\/Visit-Sogliano-al-Rubicone-Itinerari-e-Trekking-I-Sentieri-dellAlto-Rubicone-Ambra-2-1024x768.jpg 1024w, https:\/\/www.visitsoglianoalrubicone.it\/wp-content\/uploads\/2021\/10\/Visit-Sogliano-al-Rubicone-Itinerari-e-Trekking-I-Sentieri-dellAlto-Rubicone-Ambra-2-300x225.jpg 300w, https:\/\/www.visitsoglianoalrubicone.it\/wp-content\/uploads\/2021\/10\/Visit-Sogliano-al-Rubicone-Itinerari-e-Trekking-I-Sentieri-dellAlto-Rubicone-Ambra-2-768x576.jpg 768w, https:\/\/www.visitsoglianoalrubicone.it\/wp-content\/uploads\/2021\/10\/Visit-Sogliano-al-Rubicone-Itinerari-e-Trekking-I-Sentieri-dellAlto-Rubicone-Ambra-2-1536x1152.jpg 1536w, https:\/\/www.visitsoglianoalrubicone.it\/wp-content\/uploads\/2021\/10\/Visit-Sogliano-al-Rubicone-Itinerari-e-Trekking-I-Sentieri-dellAlto-Rubicone-Ambra-2.jpg 2048w\" sizes=\"(max-width: 1024px) 100vw, 1024px\"\" \/>\n\t\t<div class=\"figc no-description\">\n\t\t\t<div class=\"figc-inner\">\n\t\t\t\t\t\t\t\t\t\t\t\t\t\t\t<\/div>\n\t\t<\/div>\n\n\t<\/div>\n\n<\/div><div class=\"modula-item effect-pufrobo\" >\n\t<div class=\"modula-item-overlay\"><\/div>\n\n\t<div class=\"modula-item-content\">\n\n\t\t\t\t\n\t\t\t\t\t<a data-image-id=\"6814\" href=\"https:\/\/www.visitsoglianoalrubicone.it\/wp-content\/uploads\/2021\/10\/Visit-Sogliano-al-Rubicone-Itinerari-e-Trekking-I-Sentieri-dellAlto-Rubicone-Ambra-6.jpg\" rel=\"jtg-5066\" data-caption=\"\" class=\"tile-inner modula-item-link\"><\/a>\n\t\t\n\t\t<img class=\"pic\"  data-valign=\"middle\" data-halign=\"center\" alt=\"\" data-full=\"https:\/\/www.visitsoglianoalrubicone.it\/wp-content\/uploads\/2021\/10\/Visit-Sogliano-al-Rubicone-Itinerari-e-Trekking-I-Sentieri-dellAlto-Rubicone-Ambra-6.jpg\" title=\"Visit Sogliano al Rubicone - Itinerari e Trekking - I Sentieri dell&amp;#039;Alto Rubicone - Ambra (6)\" width=\"899\" height=\"600\" src=\"https:\/\/www.visitsoglianoalrubicone.it\/wp-content\/uploads\/2021\/10\/Visit-Sogliano-al-Rubicone-Itinerari-e-Trekking-I-Sentieri-dellAlto-Rubicone-Ambra-6.jpg\" data-src=\"https:\/\/www.visitsoglianoalrubicone.it\/wp-content\/uploads\/2021\/10\/Visit-Sogliano-al-Rubicone-Itinerari-e-Trekking-I-Sentieri-dellAlto-Rubicone-Ambra-6.jpg\" data-caption=\"\"srcset=\"https:\/\/www.visitsoglianoalrubicone.it\/wp-content\/uploads\/2021\/10\/Visit-Sogliano-al-Rubicone-Itinerari-e-Trekking-I-Sentieri-dellAlto-Rubicone-Ambra-6.jpg 899w, https:\/\/www.visitsoglianoalrubicone.it\/wp-content\/uploads\/2021\/10\/Visit-Sogliano-al-Rubicone-Itinerari-e-Trekking-I-Sentieri-dellAlto-Rubicone-Ambra-6-300x200.jpg 300w, https:\/\/www.visitsoglianoalrubicone.it\/wp-content\/uploads\/2021\/10\/Visit-Sogliano-al-Rubicone-Itinerari-e-Trekking-I-Sentieri-dellAlto-Rubicone-Ambra-6-768x513.jpg 768w\" sizes=\"(max-width: 899px) 100vw, 899px\"\" \/>\n\t\t<div class=\"figc no-description\">\n\t\t\t<div class=\"figc-inner\">\n\t\t\t\t\t\t\t\t\t\t\t\t\t\t\t<\/div>\n\t\t<\/div>\n\n\t<\/div>\n\n<\/div><div class=\"modula-item effect-pufrobo\" >\n\t<div class=\"modula-item-overlay\"><\/div>\n\n\t<div class=\"modula-item-content\">\n\n\t\t\t\t\n\t\t\t\t\t<a data-image-id=\"6811\" href=\"https:\/\/www.visitsoglianoalrubicone.it\/wp-content\/uploads\/2021\/10\/Visit-Sogliano-al-Rubicone-Itinerari-e-Trekking-I-Sentieri-dellAlto-Rubicone-Ambra-3-scaled.jpg\" rel=\"jtg-5066\" data-caption=\"\" class=\"tile-inner modula-item-link\"><\/a>\n\t\t\n\t\t<img class=\"pic\"  data-valign=\"middle\" data-halign=\"center\" alt=\"\" data-full=\"https:\/\/www.visitsoglianoalrubicone.it\/wp-content\/uploads\/2021\/10\/Visit-Sogliano-al-Rubicone-Itinerari-e-Trekking-I-Sentieri-dellAlto-Rubicone-Ambra-3.jpg\" title=\"Visit Sogliano al Rubicone - Itinerari e Trekking - I Sentieri dell&amp;#039;Alto Rubicone - Ambra (3)\" width=\"1024\" height=\"680\" src=\"https:\/\/www.visitsoglianoalrubicone.it\/wp-content\/uploads\/2021\/10\/Visit-Sogliano-al-Rubicone-Itinerari-e-Trekking-I-Sentieri-dellAlto-Rubicone-Ambra-3-1024x680.jpg\" data-src=\"https:\/\/www.visitsoglianoalrubicone.it\/wp-content\/uploads\/2021\/10\/Visit-Sogliano-al-Rubicone-Itinerari-e-Trekking-I-Sentieri-dellAlto-Rubicone-Ambra-3-1024x680.jpg\" data-caption=\"\"srcset=\"https:\/\/www.visitsoglianoalrubicone.it\/wp-content\/uploads\/2021\/10\/Visit-Sogliano-al-Rubicone-Itinerari-e-Trekking-I-Sentieri-dellAlto-Rubicone-Ambra-3-scaled-1024x680.jpg 1024w, https:\/\/www.visitsoglianoalrubicone.it\/wp-content\/uploads\/2021\/10\/Visit-Sogliano-al-Rubicone-Itinerari-e-Trekking-I-Sentieri-dellAlto-Rubicone-Ambra-3-300x199.jpg 300w, https:\/\/www.visitsoglianoalrubicone.it\/wp-content\/uploads\/2021\/10\/Visit-Sogliano-al-Rubicone-Itinerari-e-Trekking-I-Sentieri-dellAlto-Rubicone-Ambra-3-768x510.jpg 768w, https:\/\/www.visitsoglianoalrubicone.it\/wp-content\/uploads\/2021\/10\/Visit-Sogliano-al-Rubicone-Itinerari-e-Trekking-I-Sentieri-dellAlto-Rubicone-Ambra-3-1536x1020.jpg 1536w, https:\/\/www.visitsoglianoalrubicone.it\/wp-content\/uploads\/2021\/10\/Visit-Sogliano-al-Rubicone-Itinerari-e-Trekking-I-Sentieri-dellAlto-Rubicone-Ambra-3-2048x1360.jpg 2048w\" sizes=\"(max-width: 1024px) 100vw, 1024px\"\" \/>\n\t\t<div class=\"figc no-description\">\n\t\t\t<div class=\"figc-inner\">\n\t\t\t\t\t\t\t\t\t\t\t\t\t\t\t<\/div>\n\t\t<\/div>\n\n\t<\/div>\n\n<\/div><div class=\"modula-item effect-pufrobo\" >\n\t<div class=\"modula-item-overlay\"><\/div>\n\n\t<div class=\"modula-item-content\">\n\n\t\t\t\t\n\t\t\t\t\t<a data-image-id=\"10434\" href=\"https:\/\/www.visitsoglianoalrubicone.it\/wp-content\/uploads\/2024\/09\/Visit-Sogliano-Scopri-Sogliano-Itinerari-Trekking-Bike-I-Sentieri-Alto-Rubicone-il-sentiero-del-ambra1.jpeg\" rel=\"jtg-5066\" data-caption=\"\" class=\"tile-inner modula-item-link\"><\/a>\n\t\t\n\t\t<img class=\"pic\"  data-valign=\"middle\" data-halign=\"center\" alt=\"\" data-full=\"https:\/\/www.visitsoglianoalrubicone.it\/wp-content\/uploads\/2024\/09\/Visit-Sogliano-Scopri-Sogliano-Itinerari-Trekking-Bike-I-Sentieri-Alto-Rubicone-il-sentiero-del-ambra1.jpeg\" title=\"Visit-Sogliano-Scopri-Sogliano-Itinerari-Trekking-Bike-I-Sentieri-Alto-Rubicone-il-sentiero-del-ambra1\" width=\"768\" height=\"1024\" src=\"https:\/\/www.visitsoglianoalrubicone.it\/wp-content\/uploads\/2024\/09\/Visit-Sogliano-Scopri-Sogliano-Itinerari-Trekking-Bike-I-Sentieri-Alto-Rubicone-il-sentiero-del-ambra1-768x1024.jpeg\" data-src=\"https:\/\/www.visitsoglianoalrubicone.it\/wp-content\/uploads\/2024\/09\/Visit-Sogliano-Scopri-Sogliano-Itinerari-Trekking-Bike-I-Sentieri-Alto-Rubicone-il-sentiero-del-ambra1-768x1024.jpeg\" data-caption=\"\"srcset=\"https:\/\/www.visitsoglianoalrubicone.it\/wp-content\/uploads\/2024\/09\/Visit-Sogliano-Scopri-Sogliano-Itinerari-Trekking-Bike-I-Sentieri-Alto-Rubicone-il-sentiero-del-ambra1-768x1024.jpeg 768w, https:\/\/www.visitsoglianoalrubicone.it\/wp-content\/uploads\/2024\/09\/Visit-Sogliano-Scopri-Sogliano-Itinerari-Trekking-Bike-I-Sentieri-Alto-Rubicone-il-sentiero-del-ambra1-225x300.jpeg 225w, https:\/\/www.visitsoglianoalrubicone.it\/wp-content\/uploads\/2024\/09\/Visit-Sogliano-Scopri-Sogliano-Itinerari-Trekking-Bike-I-Sentieri-Alto-Rubicone-il-sentiero-del-ambra1-1152x1536.jpeg 1152w, https:\/\/www.visitsoglianoalrubicone.it\/wp-content\/uploads\/2024\/09\/Visit-Sogliano-Scopri-Sogliano-Itinerari-Trekking-Bike-I-Sentieri-Alto-Rubicone-il-sentiero-del-ambra1.jpeg 1536w\" sizes=\"(max-width: 768px) 100vw, 768px\"\" \/>\n\t\t<div class=\"figc no-description\">\n\t\t\t<div class=\"figc-inner\">\n\t\t\t\t\t\t\t\t\t\t\t\t\t\t\t<\/div>\n\t\t<\/div>\n\n\t<\/div>\n\n<\/div>\t\t\n\t<\/div>\n\n\t\n\t\n\t<script type=\"application\/ld+json\">\n\t{\n\t\t\"@context\": \"http:\/\/schema.org\",\n\t\t\"@type\"   : \"ImageGallery\",\n\t\t\"id\"      : \"https:\/\/www.visitsoglianoalrubicone.it\/fr\/wp-json\/wp\/v2\/pages\/18865\/\",\n\t\t\"url\"     : \"https:\/\/www.visitsoglianoalrubicone.it\/fr\/wp-json\/wp\/v2\/pages\/18865\/\"\n\t}\n\n    <\/script>\n\n\t\n<\/div>[\/vc_column_text][vc_empty_space height=\u00a0\u00bb50px\u00a0\u00bb][\/vc_column_inner][\/vc_row_inner][\/vc_column][\/vc_row]<\/p>\n","protected":false},"excerpt":{"rendered":"<p>[vc_row full_width=\u00a0\u00bbstretch_row_content_no_spaces\u00a0\u00bb][vc_column][vc_single_image image=\u00a0\u00bb18868&Prime; img_size=\u00a0\u00bb1920 x 450&Prime; alignment=\u00a0\u00bbcenter\u00a0\u00bb el_class=\u00a0\u00bbinfotronik_banner_pagina\u00a0\u00bb][vc_empty_space height=\u00a0\u00bb20px\u00a0\u00bb][vc_row_inner][vc_column_inner width=\u00a0\u00bb1\/2&Prime;][vc_empty_space height=\u00a0\u00bb20px\u00a0\u00bb][vc_text_separator title=\u00a0\u00bbInformations\u00a0\u00bb title_align=\u00a0\u00bbseparator_align_left\u00a0\u00bb align=\u00a0\u00bbalign_left\u00a0\u00bb color=\u00a0\u00bbcustom\u00a0\u00bb accent_color=\u00a0\u00bb#fc7f0c\u00a0\u00bb][vc_empty_space height=\u00a0\u00bb20px\u00a0\u00bb][\/vc_column_inner][vc_column_inner width=\u00a0\u00bb1\/2&Prime;][vc_single_image image=\u00a0\u00bb10222&Prime; img_size=\u00a0\u00bbfull\u00a0\u00bb alignment=\u00a0\u00bbcenter\u00a0\u00bb&#8230;<\/p>\n","protected":false},"author":1,"featured_media":18869,"parent":20195,"menu_order":0,"comment_status":"closed","ping_status":"closed","template":"","meta":{"loftloader_page_shortcode":""},"_links":{"self":[{"href":"https:\/\/www.visitsoglianoalrubicone.it\/fr\/wp-json\/wp\/v2\/pages\/18865"}],"collection":[{"href":"https:\/\/www.visitsoglianoalrubicone.it\/fr\/wp-json\/wp\/v2\/pages"}],"about":[{"href":"https:\/\/www.visitsoglianoalrubicone.it\/fr\/wp-json\/wp\/v2\/types\/page"}],"author":[{"embeddable":true,"href":"https:\/\/www.visitsoglianoalrubicone.it\/fr\/wp-json\/wp\/v2\/users\/1"}],"replies":[{"embeddable":true,"href":"https:\/\/www.visitsoglianoalrubicone.it\/fr\/wp-json\/wp\/v2\/comments?post=18865"}],"version-history":[{"count":20,"href":"https:\/\/www.visitsoglianoalrubicone.it\/fr\/wp-json\/wp\/v2\/pages\/18865\/revisions"}],"predecessor-version":[{"id":38435,"href":"https:\/\/www.visitsoglianoalrubicone.it\/fr\/wp-json\/wp\/v2\/pages\/18865\/revisions\/38435"}],"up":[{"embeddable":true,"href":"https:\/\/www.visitsoglianoalrubicone.it\/fr\/wp-json\/wp\/v2\/pages\/20195"}],"wp:featuredmedia":[{"embeddable":true,"href":"https:\/\/www.visitsoglianoalrubicone.it\/fr\/wp-json\/wp\/v2\/media\/18869"}],"wp:attachment":[{"href":"https:\/\/www.visitsoglianoalrubicone.it\/fr\/wp-json\/wp\/v2\/media?parent=18865"}],"curies":[{"name":"wp","href":"https:\/\/api.w.org\/{rel}","templated":true}]}}